{"id":4304,"date":"2025-11-25T16:50:29","date_gmt":"2025-11-25T15:50:29","guid":{"rendered":"https:\/\/alpen-markt.ch\/produkt\/chocolat-rio-napo\/"},"modified":"2025-11-25T16:50:29","modified_gmt":"2025-11-25T15:50:29","slug":"chocolat-rio-napo","status":"publish","type":"product","link":"https:\/\/alpen-markt.ch\/fr\/produkt\/chocolat-rio-napo\/","title":{"rendered":"Chocolat Rio Napo"},"content":{"rendered":"<p>Le d\u00e9licat chocolat au lait Rio Napo Grand Cru \u00e0 40 % de cacao s\u00e9duit par ses notes raffin\u00e9es de caramel fondant, la fra\u00eecheur du lait entier cr\u00e9meux des Alpes suisses et une touche l\u00e9g\u00e8rement \u00e9pic\u00e9e de miel de for\u00eat. Avec des \u00e9clats de cacao torr\u00e9fi\u00e9s. <\/p>\n<p>Ingr\u00e9dients<br \/>\nSucre de canne*, beurre de cacao*, lait entier en poudre (Suisse)*, p\u00e2te de cacao (Kallari, \u00c9quateur)*, vanille*, \u00e9clats de cacao* 10 %. L\u00e9gende : * biologique, ** Bourgeon, *** Demeter<br \/>\nContient : noisettes, amandes, soja <\/p>\n<p>Le chocolat noir Rio Napo Grand Cru \u00e0 73 % de cacao r\u00e9v\u00e8le le fruit\u00e9 des prunes m\u00fbries au soleil, une touche de caf\u00e9 et de vanille associ\u00e9e \u00e0 une fine note poivr\u00e9e. Avec des \u00e9clats de caf\u00e9 torr\u00e9fi\u00e9. <\/p>\n<p>Ingr\u00e9dients<br \/>\nP\u00e2te de cacao (Kallari, \u00c9quateur)*, sucre de canne*, beurre de cacao*, \u00e9clats de caf\u00e9 torr\u00e9fi\u00e9* 3 %. L\u00e9gende : * biologique, ** Bourgeon, *** Demeter<br \/>\nContient : noisettes, amandes, lait, soja <\/p>\n","protected":false},"excerpt":{"rendered":"<p>Le d\u00e9licat chocolat au lait Rio Napo Grand Cru \u00e0 40 % de cacao s\u00e9duit par ses notes raffin\u00e9es de caramel fondant, la fra\u00eecheur du lait entier cr\u00e9meux des Alpes suisses et une touche l\u00e9g\u00e8rement \u00e9pic\u00e9e de miel de for\u00eat. Avec des \u00e9clats de cacao torr\u00e9fi\u00e9s. Ingr\u00e9dients Sucre de canne*, beurre de cacao*, lait entier [&hellip;]<\/p>\n","protected":false},"featured_media":4305,"template":"","meta":[],"product_brand":[],"product_cat":[86],"product_tag":[],"class_list":{"0":"post-4304","1":"product","2":"type-product","3":"status-publish","4":"has-post-thumbnail","6":"product_cat-grotte-de-la-marmotte-bio-en-vrac","8":"first","9":"instock","10":"taxable","11":"shipping-taxable","12":"purchasable","13":"product-type-variable"},"yoast_head":"<!-- This site is optimized with the Yoast SEO plugin v27.5 - https:\/\/yoast.com\/product\/yoast-seo-wordpress\/ -->\n<title>Chocolat Rio Napo - Alpenmarkt<\/title>\n<meta name=\"robots\" content=\"index, follow, max-snippet:-1, max-image-preview:large, max-video-preview:-1\" \/>\n<link rel=\"canonical\" href=\"https:\/\/alpen-markt.ch\/fr\/produkt\/chocolat-rio-napo\/\" \/>\n<meta property=\"og:locale\" content=\"fr_FR\" \/>\n<meta property=\"og:type\" content=\"article\" \/>\n<meta property=\"og:title\" content=\"Chocolat Rio Napo - Alpenmarkt\" \/>\n<meta property=\"og:description\" content=\"Le d\u00e9licat chocolat au lait Rio Napo Grand Cru \u00e0 40 % de cacao s\u00e9duit par ses notes raffin\u00e9es de caramel fondant, la fra\u00eecheur du lait entier cr\u00e9meux des Alpes suisses et une touche l\u00e9g\u00e8rement \u00e9pic\u00e9e de miel de for\u00eat. Avec des \u00e9clats de cacao torr\u00e9fi\u00e9s. Ingr\u00e9dients Sucre de canne*, beurre de cacao*, lait entier [&hellip;]\" \/>\n<meta property=\"og:url\" content=\"https:\/\/alpen-markt.ch\/fr\/produkt\/chocolat-rio-napo\/\" \/>\n<meta property=\"og:site_name\" content=\"Alpenmarkt\" \/>\n<meta property=\"og:image\" content=\"https:\/\/alpen-markt.ch\/wp-content\/uploads\/2025\/12\/c37412e4-cab8-4f65-88a5-c8ceb53f2630.png\" \/>\n\t<meta property=\"og:image:width\" content=\"500\" \/>\n\t<meta property=\"og:image:height\" content=\"500\" \/>\n\t<meta property=\"og:image:type\" content=\"image\/png\" \/>\n<meta name=\"twitter:card\" content=\"summary_large_image\" \/>\n<meta name=\"twitter:label1\" content=\"Dur\u00e9e de lecture estim\u00e9e\" \/>\n\t<meta name=\"twitter:data1\" content=\"1 minute\" \/>\n<script type=\"application\/ld+json\" class=\"yoast-schema-graph\">{\"@context\":\"https:\\\/\\\/schema.org\",\"@graph\":[{\"@type\":\"WebPage\",\"@id\":\"https:\\\/\\\/alpen-markt.ch\\\/fr\\\/produkt\\\/chocolat-rio-napo\\\/\",\"url\":\"https:\\\/\\\/alpen-markt.ch\\\/fr\\\/produkt\\\/chocolat-rio-napo\\\/\",\"name\":\"Chocolat Rio Napo - Alpenmarkt\",\"isPartOf\":{\"@id\":\"https:\\\/\\\/alpen-markt.ch\\\/fr\\\/#website\"},\"primaryImageOfPage\":{\"@id\":\"https:\\\/\\\/alpen-markt.ch\\\/fr\\\/produkt\\\/chocolat-rio-napo\\\/#primaryimage\"},\"image\":{\"@id\":\"https:\\\/\\\/alpen-markt.ch\\\/fr\\\/produkt\\\/chocolat-rio-napo\\\/#primaryimage\"},\"thumbnailUrl\":\"https:\\\/\\\/alpen-markt.ch\\\/wp-content\\\/uploads\\\/2025\\\/12\\\/c37412e4-cab8-4f65-88a5-c8ceb53f2630.png\",\"datePublished\":\"2025-11-25T15:50:29+00:00\",\"breadcrumb\":{\"@id\":\"https:\\\/\\\/alpen-markt.ch\\\/fr\\\/produkt\\\/chocolat-rio-napo\\\/#breadcrumb\"},\"inLanguage\":\"fr-FR\",\"potentialAction\":[{\"@type\":\"ReadAction\",\"target\":[\"https:\\\/\\\/alpen-markt.ch\\\/fr\\\/produkt\\\/chocolat-rio-napo\\\/\"]}]},{\"@type\":\"ImageObject\",\"inLanguage\":\"fr-FR\",\"@id\":\"https:\\\/\\\/alpen-markt.ch\\\/fr\\\/produkt\\\/chocolat-rio-napo\\\/#primaryimage\",\"url\":\"https:\\\/\\\/alpen-markt.ch\\\/wp-content\\\/uploads\\\/2025\\\/12\\\/c37412e4-cab8-4f65-88a5-c8ceb53f2630.png\",\"contentUrl\":\"https:\\\/\\\/alpen-markt.ch\\\/wp-content\\\/uploads\\\/2025\\\/12\\\/c37412e4-cab8-4f65-88a5-c8ceb53f2630.png\",\"width\":500,\"height\":500},{\"@type\":\"BreadcrumbList\",\"@id\":\"https:\\\/\\\/alpen-markt.ch\\\/fr\\\/produkt\\\/chocolat-rio-napo\\\/#breadcrumb\",\"itemListElement\":[{\"@type\":\"ListItem\",\"position\":1,\"name\":\"Startseite\",\"item\":\"https:\\\/\\\/alpen-markt.ch\\\/fr\\\/home\\\/\"},{\"@type\":\"ListItem\",\"position\":2,\"name\":\"Boutique en ligne\",\"item\":\"https:\\\/\\\/alpen-markt.ch\\\/fr\\\/boutique-en-ligne\\\/\"},{\"@type\":\"ListItem\",\"position\":3,\"name\":\"Chocolat Rio Napo\"}]},{\"@type\":\"WebSite\",\"@id\":\"https:\\\/\\\/alpen-markt.ch\\\/fr\\\/#website\",\"url\":\"https:\\\/\\\/alpen-markt.ch\\\/fr\\\/\",\"name\":\"Alpenmarkt\",\"description\":\"\",\"publisher\":{\"@id\":\"https:\\\/\\\/alpen-markt.ch\\\/fr\\\/#organization\"},\"potentialAction\":[{\"@type\":\"SearchAction\",\"target\":{\"@type\":\"EntryPoint\",\"urlTemplate\":\"https:\\\/\\\/alpen-markt.ch\\\/fr\\\/?s={search_term_string}\"},\"query-input\":{\"@type\":\"PropertyValueSpecification\",\"valueRequired\":true,\"valueName\":\"search_term_string\"}}],\"inLanguage\":\"fr-FR\"},{\"@type\":\"Organization\",\"@id\":\"https:\\\/\\\/alpen-markt.ch\\\/fr\\\/#organization\",\"name\":\"Alpenmarkt\",\"url\":\"https:\\\/\\\/alpen-markt.ch\\\/fr\\\/\",\"logo\":{\"@type\":\"ImageObject\",\"inLanguage\":\"fr-FR\",\"@id\":\"https:\\\/\\\/alpen-markt.ch\\\/fr\\\/#\\\/schema\\\/logo\\\/image\\\/\",\"url\":\"https:\\\/\\\/alpen-markt.ch\\\/wp-content\\\/uploads\\\/2025\\\/11\\\/logo-alpenmarkt.png\",\"contentUrl\":\"https:\\\/\\\/alpen-markt.ch\\\/wp-content\\\/uploads\\\/2025\\\/11\\\/logo-alpenmarkt.png\",\"width\":1048,\"height\":452,\"caption\":\"Alpenmarkt\"},\"image\":{\"@id\":\"https:\\\/\\\/alpen-markt.ch\\\/fr\\\/#\\\/schema\\\/logo\\\/image\\\/\"}}]}<\/script>\n<!-- \/ Yoast SEO plugin. -->","yoast_head_json":{"title":"Chocolat Rio Napo - Alpenmarkt","robots":{"index":"index","follow":"follow","max-snippet":"max-snippet:-1","max-image-preview":"max-image-preview:large","max-video-preview":"max-video-preview:-1"},"canonical":"https:\/\/alpen-markt.ch\/fr\/produkt\/chocolat-rio-napo\/","og_locale":"fr_FR","og_type":"article","og_title":"Chocolat Rio Napo - Alpenmarkt","og_description":"Le d\u00e9licat chocolat au lait Rio Napo Grand Cru \u00e0 40 % de cacao s\u00e9duit par ses notes raffin\u00e9es de caramel fondant, la fra\u00eecheur du lait entier cr\u00e9meux des Alpes suisses et une touche l\u00e9g\u00e8rement \u00e9pic\u00e9e de miel de for\u00eat. Avec des \u00e9clats de cacao torr\u00e9fi\u00e9s. Ingr\u00e9dients Sucre de canne*, beurre de cacao*, lait entier [&hellip;]","og_url":"https:\/\/alpen-markt.ch\/fr\/produkt\/chocolat-rio-napo\/","og_site_name":"Alpenmarkt","og_image":[{"width":500,"height":500,"url":"https:\/\/alpen-markt.ch\/wp-content\/uploads\/2025\/12\/c37412e4-cab8-4f65-88a5-c8ceb53f2630.png","type":"image\/png"}],"twitter_card":"summary_large_image","twitter_misc":{"Dur\u00e9e de lecture estim\u00e9e":"1 minute"},"schema":{"@context":"https:\/\/schema.org","@graph":[{"@type":"WebPage","@id":"https:\/\/alpen-markt.ch\/fr\/produkt\/chocolat-rio-napo\/","url":"https:\/\/alpen-markt.ch\/fr\/produkt\/chocolat-rio-napo\/","name":"Chocolat Rio Napo - Alpenmarkt","isPartOf":{"@id":"https:\/\/alpen-markt.ch\/fr\/#website"},"primaryImageOfPage":{"@id":"https:\/\/alpen-markt.ch\/fr\/produkt\/chocolat-rio-napo\/#primaryimage"},"image":{"@id":"https:\/\/alpen-markt.ch\/fr\/produkt\/chocolat-rio-napo\/#primaryimage"},"thumbnailUrl":"https:\/\/alpen-markt.ch\/wp-content\/uploads\/2025\/12\/c37412e4-cab8-4f65-88a5-c8ceb53f2630.png","datePublished":"2025-11-25T15:50:29+00:00","breadcrumb":{"@id":"https:\/\/alpen-markt.ch\/fr\/produkt\/chocolat-rio-napo\/#breadcrumb"},"inLanguage":"fr-FR","potentialAction":[{"@type":"ReadAction","target":["https:\/\/alpen-markt.ch\/fr\/produkt\/chocolat-rio-napo\/"]}]},{"@type":"ImageObject","inLanguage":"fr-FR","@id":"https:\/\/alpen-markt.ch\/fr\/produkt\/chocolat-rio-napo\/#primaryimage","url":"https:\/\/alpen-markt.ch\/wp-content\/uploads\/2025\/12\/c37412e4-cab8-4f65-88a5-c8ceb53f2630.png","contentUrl":"https:\/\/alpen-markt.ch\/wp-content\/uploads\/2025\/12\/c37412e4-cab8-4f65-88a5-c8ceb53f2630.png","width":500,"height":500},{"@type":"BreadcrumbList","@id":"https:\/\/alpen-markt.ch\/fr\/produkt\/chocolat-rio-napo\/#breadcrumb","itemListElement":[{"@type":"ListItem","position":1,"name":"Startseite","item":"https:\/\/alpen-markt.ch\/fr\/home\/"},{"@type":"ListItem","position":2,"name":"Boutique en ligne","item":"https:\/\/alpen-markt.ch\/fr\/boutique-en-ligne\/"},{"@type":"ListItem","position":3,"name":"Chocolat Rio Napo"}]},{"@type":"WebSite","@id":"https:\/\/alpen-markt.ch\/fr\/#website","url":"https:\/\/alpen-markt.ch\/fr\/","name":"Alpenmarkt","description":"","publisher":{"@id":"https:\/\/alpen-markt.ch\/fr\/#organization"},"potentialAction":[{"@type":"SearchAction","target":{"@type":"EntryPoint","urlTemplate":"https:\/\/alpen-markt.ch\/fr\/?s={search_term_string}"},"query-input":{"@type":"PropertyValueSpecification","valueRequired":true,"valueName":"search_term_string"}}],"inLanguage":"fr-FR"},{"@type":"Organization","@id":"https:\/\/alpen-markt.ch\/fr\/#organization","name":"Alpenmarkt","url":"https:\/\/alpen-markt.ch\/fr\/","logo":{"@type":"ImageObject","inLanguage":"fr-FR","@id":"https:\/\/alpen-markt.ch\/fr\/#\/schema\/logo\/image\/","url":"https:\/\/alpen-markt.ch\/wp-content\/uploads\/2025\/11\/logo-alpenmarkt.png","contentUrl":"https:\/\/alpen-markt.ch\/wp-content\/uploads\/2025\/11\/logo-alpenmarkt.png","width":1048,"height":452,"caption":"Alpenmarkt"},"image":{"@id":"https:\/\/alpen-markt.ch\/fr\/#\/schema\/logo\/image\/"}}]}},"_links":{"self":[{"href":"https:\/\/alpen-markt.ch\/fr\/wp-json\/wp\/v2\/product\/4304","targetHints":{"allow":["GET"]}}],"collection":[{"href":"https:\/\/alpen-markt.ch\/fr\/wp-json\/wp\/v2\/product"}],"about":[{"href":"https:\/\/alpen-markt.ch\/fr\/wp-json\/wp\/v2\/types\/product"}],"wp:featuredmedia":[{"embeddable":true,"href":"https:\/\/alpen-markt.ch\/fr\/wp-json\/wp\/v2\/media\/4305"}],"wp:attachment":[{"href":"https:\/\/alpen-markt.ch\/fr\/wp-json\/wp\/v2\/media?parent=4304"}],"wp:term":[{"taxonomy":"product_brand","embeddable":true,"href":"https:\/\/alpen-markt.ch\/fr\/wp-json\/wp\/v2\/product_brand?post=4304"},{"taxonomy":"product_cat","embeddable":true,"href":"https:\/\/alpen-markt.ch\/fr\/wp-json\/wp\/v2\/product_cat?post=4304"},{"taxonomy":"product_tag","embeddable":true,"href":"https:\/\/alpen-markt.ch\/fr\/wp-json\/wp\/v2\/product_tag?post=4304"}],"curies":[{"name":"wp","href":"https:\/\/api.w.org\/{rel}","templated":true}]}}